{"id":462,"date":"2023-04-28T10:30:10","date_gmt":"2023-04-28T07:30:10","guid":{"rendered":"http:\/\/vikinar.com\/maksudi\/?page_id=462"},"modified":"2023-07-19T13:51:51","modified_gmt":"2023-07-19T13:51:51","slug":"sadri-maksudi-arsal-symposium","status":"publish","type":"page","link":"http:\/\/sadrimaksudi.org\/en\/sadri-maksudi-arsal-symposium\/","title":{"rendered":"The Sadri Maksudi Arsal Symposium"},"content":{"rendered":"\n<div class=\"wp-block-columns is-layout-flex wp-container-3\">\n<div class=\"wp-block-column is-layout-flow\">\n<figure class=\"wp-block-image aligncenter size-large\"><img decoding=\"async\" loading=\"lazy\" width=\"1024\" height=\"681\" src=\"http:\/\/sadrimaksudi.org\/en\/wp-content\/uploads\/2023\/07\/Mayis-2006-Konferansa-Tum-Katilanlar-1024x681.jpg\" alt=\"\" class=\"wp-image-828\" srcset=\"http:\/\/sadrimaksudi.org\/en\/wp-content\/uploads\/2023\/07\/Mayis-2006-Konferansa-Tum-Katilanlar-1024x681.jpg 1024w, http:\/\/sadrimaksudi.org\/en\/wp-content\/uploads\/2023\/07\/Mayis-2006-Konferansa-Tum-Katilanlar-300x199.jpg 300w, http:\/\/sadrimaksudi.org\/en\/wp-content\/uploads\/2023\/07\/Mayis-2006-Konferansa-Tum-Katilanlar-768x511.jpg 768w, http:\/\/sadrimaksudi.org\/en\/wp-content\/uploads\/2023\/07\/Mayis-2006-Konferansa-Tum-Katilanlar-1536x1021.jpg 1536w, http:\/\/sadrimaksudi.org\/en\/wp-content\/uploads\/2023\/07\/Mayis-2006-Konferansa-Tum-Katilanlar-2048x1362.jpg 2048w\" sizes=\"(max-width: 1024px) 100vw, 1024px\" \/><figcaption class=\"wp-element-caption\">The symposium participants<\/figcaption><\/figure>\n<\/div>\n\n\n\n<div class=\"wp-block-column is-vertically-aligned-center is-layout-flow\">\n<p><a href=\"http:\/\/sadrimaksudi.org\/en\/wp-content\/uploads\/2023\/07\/13-Mayis-2006-Konferans-Programi.pdf\">Click to see the symposium programme<\/a><\/p>\n<\/div>\n<\/div>\n\n\n\n<div class=\"wp-block-columns is-layout-flex wp-container-5\">\n<div class=\"wp-block-column is-layout-flow\">\n<div class=\"wp-block-media-text alignwide has-media-on-the-right is-stacked-on-mobile\" style=\"grid-template-columns:auto 21%\"><div class=\"wp-block-media-text__content\">\n<p class=\"has-link-color wp-elements-045b9abbb9c29340c0cee0789c1bcb53\">Ahmet Mumcu: <a href=\"https:\/\/sadrimaksudi.org\/en\/\/ahmet-mumcu-4\/\"><br><br><\/a><a href=\"https:\/\/sadrimaksudi.org\/en\/wp-content\/uploads\/2023\/04\/Ahmet-Mumcu.mp4\">&#8220;Sadri Maksudi Arsal ve T\u00fcrk Hukuk Tarihi Disiplininin Do\u011fu\u015fu&#8221; video of the speech <\/a><\/p>\n\n\n\n<p class=\"has-link-color wp-elements-227a86822b47ab9d4d70c7c3f2875f13\"><a href=\"https:\/\/sadrimaksudi.org\/en\/wp-content\/uploads\/2023\/04\/Ahmet-Mumcunun-Konusmasi.pdf\">Text of the communication.<\/a><\/p>\n<\/div><figure class=\"wp-block-media-text__media\"><img decoding=\"async\" loading=\"lazy\" width=\"776\" height=\"1024\" src=\"https:\/\/sadrimaksudi.org\/en\/\/wp-content\/uploads\/2023\/04\/Ahmet-Mumcu-776x1024.jpg\" alt=\"\" class=\"wp-image-472 size-full\" srcset=\"http:\/\/sadrimaksudi.org\/en\/wp-content\/uploads\/2023\/04\/Ahmet-Mumcu-776x1024.jpg 776w, http:\/\/sadrimaksudi.org\/en\/wp-content\/uploads\/2023\/04\/Ahmet-Mumcu-227x300.jpg 227w, http:\/\/sadrimaksudi.org\/en\/wp-content\/uploads\/2023\/04\/Ahmet-Mumcu-768x1013.jpg 768w, http:\/\/sadrimaksudi.org\/en\/wp-content\/uploads\/2023\/04\/Ahmet-Mumcu-1165x1536.jpg 1165w, http:\/\/sadrimaksudi.org\/en\/wp-content\/uploads\/2023\/04\/Ahmet-Mumcu.jpg 1261w\" sizes=\"(max-width: 776px) 100vw, 776px\" \/><\/figure><\/div>\n\n\n\n<div class=\"wp-block-media-text alignwide has-media-on-the-right is-stacked-on-mobile\" style=\"grid-template-columns:auto 21%\"><div class=\"wp-block-media-text__content\">\n<p>Ahmet Bican Ercilasun :<\/p>\n\n\n\n<p class=\"has-medium-font-size\"><a href=\"https:\/\/sadrimaksudi.org\/en\/\/wp-content\/uploads\/2023\/04\/Ahmet-Bican-Ercilasun-Video.mp4\">&#8220;Sadri Maksudi Arsal ve T\u00fcrk Dil Devrimi&#8221; video of the speech<\/a><\/p>\n\n\n\n<p><a href=\"https:\/\/sadrimaksudi.org\/en\/wp-content\/uploads\/2023\/04\/Sadri-Maksudi-Arsal-ve-Turk-Dil-Devrimi-1.pdf\">Text of the communication.<\/a><\/p>\n<\/div><figure class=\"wp-block-media-text__media\"><img decoding=\"async\" loading=\"lazy\" width=\"760\" height=\"1024\" src=\"https:\/\/sadrimaksudi.org\/en\/\/wp-content\/uploads\/2023\/04\/Ahmet-B.-Ercilasunun-Konusmasi-760x1024.jpg\" alt=\"\" class=\"wp-image-476 size-full\" srcset=\"http:\/\/sadrimaksudi.org\/en\/wp-content\/uploads\/2023\/04\/Ahmet-B.-Ercilasunun-Konusmasi-760x1024.jpg 760w, http:\/\/sadrimaksudi.org\/en\/wp-content\/uploads\/2023\/04\/Ahmet-B.-Ercilasunun-Konusmasi-223x300.jpg 223w, http:\/\/sadrimaksudi.org\/en\/wp-content\/uploads\/2023\/04\/Ahmet-B.-Ercilasunun-Konusmasi-768x1035.jpg 768w, http:\/\/sadrimaksudi.org\/en\/wp-content\/uploads\/2023\/04\/Ahmet-B.-Ercilasunun-Konusmasi-1140x1536.jpg 1140w, http:\/\/sadrimaksudi.org\/en\/wp-content\/uploads\/2023\/04\/Ahmet-B.-Ercilasunun-Konusmasi.JPG 1339w\" sizes=\"(max-width: 760px) 100vw, 760px\" \/><\/figure><\/div>\n\n\n\n<div class=\"wp-block-media-text alignwide has-media-on-the-right is-stacked-on-mobile\" style=\"grid-template-columns:auto 20%\"><div class=\"wp-block-media-text__content\">\n<p>Taha Akyol :<\/p>\n\n\n\n<p class=\"has-link-color wp-elements-e916cef069e88c4ae6176073c31d024f\"><a href=\"https:\/\/sadrimaksudi.org\/en\/wp-content\/uploads\/2023\/03\/Taha-Akyol.mp4\">&#8220;Sadri Maksudi Arsal ve Milliyet Duygusunun Sosyolojik Esaslar\u0131&#8221; video of the speech<\/a><\/p>\n\n\n\n<p class=\"has-link-color wp-elements-04d199b5067759a0de9c031662547ad5\"><a href=\"https:\/\/sadrimaksudi.org\/en\/wp-content\/uploads\/2023\/04\/Taha-Akyoln-Konusmasi.pdf\">Text of the communication.<\/a><\/p>\n<\/div><figure class=\"wp-block-media-text__media\"><img decoding=\"async\" loading=\"lazy\" width=\"793\" height=\"1024\" src=\"https:\/\/sadrimaksudi.org\/en\/\/wp-content\/uploads\/2023\/04\/Taha-Akyol-793x1024.jpg\" alt=\"\" class=\"wp-image-501 size-full\" srcset=\"http:\/\/sadrimaksudi.org\/en\/wp-content\/uploads\/2023\/04\/Taha-Akyol-793x1024.jpg 793w, http:\/\/sadrimaksudi.org\/en\/wp-content\/uploads\/2023\/04\/Taha-Akyol-232x300.jpg 232w, http:\/\/sadrimaksudi.org\/en\/wp-content\/uploads\/2023\/04\/Taha-Akyol-768x992.jpg 768w, http:\/\/sadrimaksudi.org\/en\/wp-content\/uploads\/2023\/04\/Taha-Akyol-1189x1536.jpg 1189w, http:\/\/sadrimaksudi.org\/en\/wp-content\/uploads\/2023\/04\/Taha-Akyol-1585x2048.jpg 1585w, http:\/\/sadrimaksudi.org\/en\/wp-content\/uploads\/2023\/04\/Taha-Akyol.jpg 1796w\" sizes=\"(max-width: 793px) 100vw, 793px\" \/><\/figure><\/div>\n\n\n\n<div class=\"wp-block-media-text alignwide is-stacked-on-mobile has-link-color wp-elements-9293397e0e022653ae71a79167a83f12\" style=\"grid-template-columns:21% auto\"><figure class=\"wp-block-media-text__media\"><img decoding=\"async\" loading=\"lazy\" width=\"900\" height=\"1024\" src=\"https:\/\/sadrimaksudi.org\/en\/\/wp-content\/uploads\/2023\/04\/DSC_3873-900x1024.jpg\" alt=\"\" class=\"wp-image-477 size-full\" srcset=\"http:\/\/sadrimaksudi.org\/en\/wp-content\/uploads\/2023\/04\/DSC_3873-900x1024.jpg 900w, http:\/\/sadrimaksudi.org\/en\/wp-content\/uploads\/2023\/04\/DSC_3873-264x300.jpg 264w, http:\/\/sadrimaksudi.org\/en\/wp-content\/uploads\/2023\/04\/DSC_3873-768x873.jpg 768w, http:\/\/sadrimaksudi.org\/en\/wp-content\/uploads\/2023\/04\/DSC_3873-1351x1536.jpg 1351w, http:\/\/sadrimaksudi.org\/en\/wp-content\/uploads\/2023\/04\/DSC_3873.jpg 1748w\" sizes=\"(max-width: 900px) 100vw, 900px\" \/><\/figure><div class=\"wp-block-media-text__content\">\n<p>Nadir Devlet:<\/p>\n\n\n\n<p class=\"has-link-color wp-elements-84d280d935d5bf92e8ff521c877a4347\"><a href=\"https:\/\/sadrimaksudi.org\/en\/wp-content\/uploads\/2023\/03\/Nadir-Devlet-480p.mp4\">&#8220;Sadri Maksudi&#8217;nin T\u00fcrk-Tatar Millet Meclisi Ba\u015fkanl\u0131\u011f\u0131 ve Onun D\u00f6neminde Rusya&#8217;daki Siyasi Ortam&#8221; video of the speech<\/a><\/p>\n\n\n\n<p class=\"has-link-color wp-elements-76184e0c7edcbef554e0b5b34232ca39\"><a href=\"https:\/\/sadrimaksudi.org\/en\/wp-content\/uploads\/2023\/05\/Nadir-Devletin-Konusmasi.pdf\">Text of the communication<\/a><a href=\"https:\/\/sadrimaksudi.org\/en\/\/wp-content\/uploads\/2023\/05\/Nadir-Devletin-Konusmasi.pdf\">.<\/a><\/p>\n<\/div><\/div>\n<\/div>\n<\/div>\n\n\n\n<div class=\"wp-block-columns is-layout-flex wp-container-7\">\n<div class=\"wp-block-column is-layout-flow\">\n<div class=\"wp-block-media-text alignwide is-stacked-on-mobile\" style=\"grid-template-columns:21% auto\"><figure class=\"wp-block-media-text__media\"><img decoding=\"async\" loading=\"lazy\" width=\"669\" height=\"1024\" src=\"https:\/\/sadrimaksudi.org\/en\/\/wp-content\/uploads\/2023\/04\/Salavat-Ishakov-669x1024.jpg\" alt=\"\" class=\"wp-image-502 size-full\" srcset=\"http:\/\/sadrimaksudi.org\/en\/wp-content\/uploads\/2023\/04\/Salavat-Ishakov-669x1024.jpg 669w, http:\/\/sadrimaksudi.org\/en\/wp-content\/uploads\/2023\/04\/Salavat-Ishakov-196x300.jpg 196w, http:\/\/sadrimaksudi.org\/en\/wp-content\/uploads\/2023\/04\/Salavat-Ishakov-768x1176.jpg 768w, http:\/\/sadrimaksudi.org\/en\/wp-content\/uploads\/2023\/04\/Salavat-Ishakov-1003x1536.jpg 1003w, http:\/\/sadrimaksudi.org\/en\/wp-content\/uploads\/2023\/04\/Salavat-Ishakov-1337x2048.jpg 1337w, http:\/\/sadrimaksudi.org\/en\/wp-content\/uploads\/2023\/04\/Salavat-Ishakov-scaled.jpg 1672w\" sizes=\"(max-width: 669px) 100vw, 669px\" \/><\/figure><div class=\"wp-block-media-text__content\">\n<p>Salavat Ishakov:<\/p>\n\n\n\n<p class=\"has-link-color wp-elements-465bf1245f2c113d884ba7c7d5bf20ca\"><a href=\"https:\/\/sadrimaksudi.org\/en\/wp-content\/uploads\/2023\/03\/SalavatIshakovKonusmasi.mp4\">&#8220;Sadri Maksudi in Europe&#8221; (Sadri Maksudi Avrupa&#8217;da) video of the speeceh<\/a><\/p>\n\n\n\n<p class=\"has-link-color wp-elements-e4fa66f5e58a2897445d64bbf5c805c1\"><a href=\"https:\/\/sadrimaksudi.org\/en\/wp-content\/uploads\/2023\/03\/ishakov-salavat-sadri-maksudi-in-europe.pdf\">Text of the communication.<\/a><\/p>\n<\/div><\/div>\n\n\n\n<div class=\"wp-block-media-text alignwide is-stacked-on-mobile\" style=\"grid-template-columns:21% auto\"><figure class=\"wp-block-media-text__media\"><img decoding=\"async\" loading=\"lazy\" width=\"872\" height=\"1024\" src=\"https:\/\/sadrimaksudi.org\/en\/\/wp-content\/uploads\/2023\/04\/Okan-Daher-872x1024.jpg\" alt=\"\" class=\"wp-image-503 size-full\" srcset=\"http:\/\/sadrimaksudi.org\/en\/wp-content\/uploads\/2023\/04\/Okan-Daher-872x1024.jpg 872w, http:\/\/sadrimaksudi.org\/en\/wp-content\/uploads\/2023\/04\/Okan-Daher-255x300.jpg 255w, http:\/\/sadrimaksudi.org\/en\/wp-content\/uploads\/2023\/04\/Okan-Daher-768x902.jpg 768w, http:\/\/sadrimaksudi.org\/en\/wp-content\/uploads\/2023\/04\/Okan-Daher-1307x1536.jpg 1307w, http:\/\/sadrimaksudi.org\/en\/wp-content\/uploads\/2023\/04\/Okan-Daher.jpg 1692w\" sizes=\"(max-width: 872px) 100vw, 872px\" \/><\/figure><div class=\"wp-block-media-text__content\">\n<p>Okan Daher:<\/p>\n\n\n\n<p><a href=\"https:\/\/sadrimaksudi.org\/en\/wp-content\/uploads\/2023\/06\/Okan-Daher-konusmasi.mp4\">&#8220;Sadri Maksudi ve Finlandiya&#8221; video of the speech<\/a><\/p>\n\n\n\n<p><a href=\"https:\/\/sadrimaksudi.org\/en\/wp-content\/uploads\/2023\/07\/Okan-Daher-Konusmanin-desifre-edilmis-metni.pdf\">Text of the communication.<\/a><\/p>\n<\/div><\/div>\n<\/div>\n<\/div>\n\n\n\n<div class=\"wp-block-columns is-layout-flex wp-container-9\">\n<div class=\"wp-block-column is-layout-flow\">\n<div class=\"wp-block-media-text alignwide has-media-on-the-right is-stacked-on-mobile\" style=\"grid-template-columns:auto 21%\"><div class=\"wp-block-media-text__content\">\n<p>Timour Kozyrev:<\/p>\n\n\n\n<p class=\"has-link-color wp-elements-7a73eadb128470c358e75b9060b231af\"><a href=\"https:\/\/sadrimaksudi.org\/en\/wp-content\/uploads\/2023\/05\/Timurkozirev-HB.m4v\">&#8220;\u00c7arl\u0131k D\u00f6neminden G\u00fcn\u00fcm\u00fcze Rusya\u2019da Milliyet\u00e7ilik Ak\u0131mlar\u0131 Ba\u011flam\u0131nda Sadri Maksudi Arsal&#8217;\u0131n Milliyet\u00e7ili\u011fi&#8221;   video of the speech<\/a><\/p>\n\n\n\n<p><a href=\"https:\/\/sadrimaksudi.org\/en\/wp-content\/uploads\/2023\/04\/Timour-KOZYREV.pdf\">Text of the communication<\/a><a href=\"https:\/\/sadrimaksudi.org\/en\/\/wp-content\/uploads\/2023\/04\/Timour-KOZYREV.pdf\">.<\/a><\/p>\n<\/div><figure class=\"wp-block-media-text__media\"><img decoding=\"async\" loading=\"lazy\" width=\"681\" height=\"1024\" src=\"https:\/\/sadrimaksudi.org\/en\/\/wp-content\/uploads\/2023\/04\/Timur-Kozyrev-681x1024.jpg\" alt=\"\" class=\"wp-image-504 size-full\" srcset=\"http:\/\/sadrimaksudi.org\/en\/wp-content\/uploads\/2023\/04\/Timur-Kozyrev-681x1024.jpg 681w, http:\/\/sadrimaksudi.org\/en\/wp-content\/uploads\/2023\/04\/Timur-Kozyrev-199x300.jpg 199w, http:\/\/sadrimaksudi.org\/en\/wp-content\/uploads\/2023\/04\/Timur-Kozyrev-768x1155.jpg 768w, http:\/\/sadrimaksudi.org\/en\/wp-content\/uploads\/2023\/04\/Timur-Kozyrev-1021x1536.jpg 1021w, http:\/\/sadrimaksudi.org\/en\/wp-content\/uploads\/2023\/04\/Timur-Kozyrev-1362x2048.jpg 1362w, http:\/\/sadrimaksudi.org\/en\/wp-content\/uploads\/2023\/04\/Timur-Kozyrev-scaled.jpg 1702w\" sizes=\"(max-width: 681px) 100vw, 681px\" \/><\/figure><\/div>\n\n\n\n<div class=\"wp-block-media-text alignwide is-stacked-on-mobile\" style=\"grid-template-columns:20% auto\"><figure class=\"wp-block-media-text__media\"><img decoding=\"async\" loading=\"lazy\" width=\"774\" height=\"1024\" src=\"https:\/\/sadrimaksudi.org\/en\/\/wp-content\/uploads\/2023\/04\/Rafael-Muhammedinov-774x1024.jpg\" alt=\"\" class=\"wp-image-478 size-full\" srcset=\"http:\/\/sadrimaksudi.org\/en\/wp-content\/uploads\/2023\/04\/Rafael-Muhammedinov-774x1024.jpg 774w, http:\/\/sadrimaksudi.org\/en\/wp-content\/uploads\/2023\/04\/Rafael-Muhammedinov-227x300.jpg 227w, http:\/\/sadrimaksudi.org\/en\/wp-content\/uploads\/2023\/04\/Rafael-Muhammedinov-768x1017.jpg 768w, http:\/\/sadrimaksudi.org\/en\/wp-content\/uploads\/2023\/04\/Rafael-Muhammedinov.jpg 1140w\" sizes=\"(max-width: 774px) 100vw, 774px\" \/><\/figure><div class=\"wp-block-media-text__content\">\n<p>Rafael Muhammetdinov:<\/p>\n\n\n\n<p><a href=\"https:\/\/sadrimaksudi.org\/en\/wp-content\/uploads\/2023\/06\/Rafael-Muhammeddinov-konusmasi.mp4\">&#8220;Sadri Maksudi ve Tatar Milletinin Geli\u015fimi&#8221; video of the speech<\/a><\/p>\n\n\n\n<p class=\"has-link-color wp-elements-3dc4d1167b22862c7126846ab09668fd\"><a href=\"https:\/\/sadrimaksudi.org\/en\/wp-content\/uploads\/2023\/05\/Rafael-Muhammedinovun-Konusmasi.pdf\">Text of the communication.<\/a><\/p>\n<\/div><\/div>\n<\/div>\n<\/div>\n\n\n\n<div class=\"wp-block-columns is-layout-flex wp-container-11\">\n<div class=\"wp-block-column is-layout-flow\">\n<div class=\"wp-block-media-text alignwide has-media-on-the-right is-stacked-on-mobile\" style=\"grid-template-columns:auto 23%\"><div class=\"wp-block-media-text__content\">\n<p>Ahmet Bican Ercilasun<\/p>\n\n\n\n<p class=\"has-link-color has-medium-font-size wp-elements-6248a60759f658bd0c896130af3aa8eb\"><a href=\"https:\/\/sadrimaksudi.org\/en\/wp-content\/uploads\/2023\/05\/Ercilasun-1.m4v\">&#8220;Closing speech&#8221; video<\/a><\/p>\n\n\n\n<p class=\"has-link-color wp-elements-6246f9bc8ffca516f664f7cc5f4a86fd\"><a href=\"https:\/\/sadrimaksudi.org\/en\/wp-content\/uploads\/2023\/05\/Kapanis-Konusmasi.pdf\">Text of the closing speech.<\/a><\/p>\n<\/div><figure class=\"wp-block-media-text__media\"><img decoding=\"async\" loading=\"lazy\" width=\"903\" height=\"1024\" src=\"https:\/\/sadrimaksudi.org\/en\/\/wp-content\/uploads\/2023\/04\/Ercilasun-Kapanis-Konusmasi-903x1024.jpg\" alt=\"\" class=\"wp-image-482 size-full\" srcset=\"http:\/\/sadrimaksudi.org\/en\/wp-content\/uploads\/2023\/04\/Ercilasun-Kapanis-Konusmasi-903x1024.jpg 903w, http:\/\/sadrimaksudi.org\/en\/wp-content\/uploads\/2023\/04\/Ercilasun-Kapanis-Konusmasi-265x300.jpg 265w, http:\/\/sadrimaksudi.org\/en\/wp-content\/uploads\/2023\/04\/Ercilasun-Kapanis-Konusmasi-768x871.jpg 768w, http:\/\/sadrimaksudi.org\/en\/wp-content\/uploads\/2023\/04\/Ercilasun-Kapanis-Konusmasi-1355x1536.jpg 1355w, http:\/\/sadrimaksudi.org\/en\/wp-content\/uploads\/2023\/04\/Ercilasun-Kapanis-Konusmasi.jpg 1378w\" sizes=\"(max-width: 903px) 100vw, 903px\" \/><\/figure><\/div>\n<\/div>\n<\/div>\n","protected":false},"excerpt":{"rendered":"<p>Click to see the symposium programme Ahmet Mumcu: &#8220;Sadri Maksudi Arsal ve T\u00fcrk Hukuk Tarihi Disiplininin Do\u011fu\u015fu&#8221; video of the speech Text of the communication. Ahmet Bican Ercilasun : &#8220;Sadri Maksudi Arsal ve T\u00fcrk Dil Devrimi&#8221; video of the speech Text of the communication. Taha Akyol : &#8220;Sadri Maksudi Arsal ve Milliyet Duygusunun Sosyolojik Esaslar\u0131&#8221; [&hellip;]<\/p>\n","protected":false},"author":1,"featured_media":0,"parent":0,"menu_order":0,"comment_status":"closed","ping_status":"closed","template":"","meta":[],"_links":{"self":[{"href":"http:\/\/sadrimaksudi.org\/en\/wp-json\/wp\/v2\/pages\/462"}],"collection":[{"href":"http:\/\/sadrimaksudi.org\/en\/wp-json\/wp\/v2\/pages"}],"about":[{"href":"http:\/\/sadrimaksudi.org\/en\/wp-json\/wp\/v2\/types\/page"}],"author":[{"embeddable":true,"href":"http:\/\/sadrimaksudi.org\/en\/wp-json\/wp\/v2\/users\/1"}],"replies":[{"embeddable":true,"href":"http:\/\/sadrimaksudi.org\/en\/wp-json\/wp\/v2\/comments?post=462"}],"version-history":[{"count":38,"href":"http:\/\/sadrimaksudi.org\/en\/wp-json\/wp\/v2\/pages\/462\/revisions"}],"predecessor-version":[{"id":832,"href":"http:\/\/sadrimaksudi.org\/en\/wp-json\/wp\/v2\/pages\/462\/revisions\/832"}],"wp:attachment":[{"href":"http:\/\/sadrimaksudi.org\/en\/wp-json\/wp\/v2\/media?parent=462"}],"curies":[{"name":"wp","href":"https:\/\/api.w.org\/{rel}","templated":true}]}}