{"id":109,"date":"2023-02-16T10:19:54","date_gmt":"2023-02-16T07:19:54","guid":{"rendered":"http:\/\/vikinar.com\/maksudi\/?page_id=109"},"modified":"2023-07-20T13:31:29","modified_gmt":"2023-07-20T13:31:29","slug":"his-articles","status":"publish","type":"page","link":"http:\/\/sadrimaksudi.org\/en\/his-articles\/","title":{"rendered":"His Articles"},"content":{"rendered":"\n<div class=\"wp-block-group has-global-padding is-layout-constrained\">\n<p><strong>Gasp\u0131ral\u0131&#8217;s TERC\u00dcMAN<\/strong><\/p>\n\n\n\n<ul class=\"has-link-color wp-elements-7fc52a83cfd6e1f5d3c29281244d97b6\">\n<li><a rel=\"noreferrer noopener\" href=\"https:\/\/sadrimaksudi.org\/en\/wp-content\/uploads\/2023\/02\/emeller-ustadi-sadi-maksudi-nin-gaspirali-hakkinda-tercuman-gazetesi-ndeki-yazisi.pdf\" target=\"_blank\"><em>Emeller \u00dcstad\u0131<\/em> (1914- Sadi Maksudi&#8217;nin Gasp\u0131ral\u0131 hakk\u0131nda yaz\u0131s\u0131. Say\u0131 202 )<\/a> <\/li>\n<\/ul>\n<\/div>\n\n\n\n<p><strong>YEN\u0130 KAFKASYA<\/strong><\/p>\n\n\n\n<div class=\"wp-block-group has-global-padding is-layout-constrained\">\n<ul class=\"has-link-color wp-elements-9b67e44a918b4c3bf4c99dfbeab2a722\">\n<li><a href=\"https:\/\/sadrimaksudi.org\/en\/wp-content\/uploads\/2023\/04\/Milletlerin-Intibahinda-Tarih-ve-Eski-Edebiyatin-Tesiri-Finler-ve-Cekler-Latin-harflerine-ceviren-Ali-Adem-Yoruk-2.pdf\">Milletlerin \u0130ntibah\u0131nda Tarih ve Eski Edebiyat\u0131n Tesiri (Finler ve \u00c7ekler)<\/a><br>This article by Dr. Ali Adem Y\u00f6r\u00fck,  was published in <em>\u0130stanbul \u00dcniversitesi Hukuk Fak\u00fcltesi Mecmuas\u0131 Cilt LXXV &#8211; Ord. Prof. Sadri Maksudi Arsal \u00d6zel Say\u0131s\u0131, 2017<\/em>.  It is a Latin alphabet transcription of Sadri Maksudi Arsal&#8217;s two articles published in 1924 and 1925 in the Yeni Kafkasya journal. The two articles are::\n<ul>\n<li>\u201cMilletlerin \u0130ntibah\u0131nda Tarih ve Eski Edebiyat\u0131n Tesiri &#8211; Finlerin Milli \u0130ntibah\u0131\u201d<em>&nbsp;(Yeni Kafkasya, s. 23, 31 A\u011fustos 1340 [1924], s. 10-12; s. 24, 16 Eyl\u00fcl 1340 [1924], s. 11-12)<\/em><\/li>\n\n\n\n<li>\u201c\u00c7eh [\u00c7ek] Milleti \u0130ntibah Tarihinden &#8211; \u00c7eklerin milli ve siyasi&nbsp;intibah\u0131nda&nbsp;tarihe ve eski harsa m\u00fcteallik eserler pek b\u00fcy\u00fck bir rol oynam\u0131\u015flard\u0131r\u201d (<em>Yeni Kafkasya<\/em>, sy. 19, 1 Temmuz 1341 [1925], s. 5-8; sy. 20, 16 Temmuz 1341 [1925], s. 7-10&nbsp;<\/li>\n<\/ul>\n<\/li>\n<\/ul>\n\n\n\n<p><strong>T\u00dcRK YURDU<\/strong><\/p>\n<\/div>\n\n\n\n<ul class=\"has-link-color wp-elements-9a01b548c8f294b01f4a13b7bb379e26\">\n<li><a rel=\"noreferrer noopener\" href=\"https:\/\/www.sadrimaksudi.org\/uploads\/turk-tarihinin-telkinati-1924-turkocagi_2dSXYyEUTZagND18GBsWOck34.pdf\" target=\"_blank\"><\/a><a href=\"https:\/\/sadrimaksudi.org\/en\/wp-content\/uploads\/2023\/02\/turk-yurdu-sayi-1-2-can-beg-imzali.pdf\" target=\"_blank\" rel=\"noreferrer noopener\"><em>B\u00fcy\u00fck Mill\u00ee Emeller<\/em> (1911- T\u00fcrk Yurdu Say\u0131 1 ve 2- Can Bey \u0130mzal\u0131)<\/a><\/li>\n\n\n\n<li><a href=\"https:\/\/sadrimaksudi.org\/en\/wp-content\/uploads\/2023\/02\/paris-asya-cemiyetinde-yay-nlanan-makalenin-cevirisi.pdf\" target=\"_blank\" rel=\"noreferrer noopener\"><em>\u00c7inliler ve Mo\u011follar\u0131n Houei- Hou Uygurlar\u0131yla Orhun T\u00fcrk Kitabelerindeki O\u011fuzlar\u0131n Ayniyeti<\/em> (Paris Asya Cemiyetinde Yay\u0131nlanan Makalenin \u00e7evirisi)<\/a><a rel=\"noreferrer noopener\" href=\"https:\/\/www.sadrimaksudi.org\/uploads\/paris-asya-cemiyetinde-yay-nlanan-makalenin-cevirisi_GXSwyHvtZ2NbFfIxrJ3aRhVsU.pdf\" target=\"_blank\"><\/a><\/li>\n\n\n\n<li><a href=\"https:\/\/sadrimaksudi.org\/en\/wp-content\/uploads\/2023\/02\/turk-tarihinin-telkinati-1924-turkocagi.pdf\" target=\"_blank\" rel=\"noreferrer noopener\"><em>T\u00fcrk Tarihinin Telkinat\u0131<\/em> (1924 Turk Oca\u011f\u0131 Konferans\u0131)<\/a><a rel=\"noreferrer noopener\" href=\"https:\/\/www.sadrimaksudi.org\/uploads\/turk-yurdu-sayi-1-can-beg-imzali_aErsZj39mP0kXGxbqz4NQ1LHc.pdf\" target=\"_blank\"><\/a><\/li>\n\n\n\n<li><a href=\"https:\/\/sadrimaksudi.org\/en\/wp-content\/uploads\/2023\/02\/turk-birligi-eski-turklerde-dil-ve-hars-birligi-agustos-1925-sayi-11-s.396.pdf\" target=\"_blank\" rel=\"noreferrer noopener\"><em>T\u00fcrk Birli\u011fi- Eski T\u00fcrklerde Dil ve Hars Birli\u011fi<\/em>, 1925, Say\u0131 11, s. 396<\/a><a rel=\"noreferrer noopener\" href=\"https:\/\/www.sadrimaksudi.org\/uploads\/turk-birligi-eski-turklerde-dil-ve-hars-birligi-agustos-1925-sayi-11-s.396_2gQjaNBxnSTGJOLs5w8Uv3f6A.pdf\" target=\"_blank\"><\/a><\/li>\n\n\n\n<li><a href=\"https:\/\/sadrimaksudi.org\/en\/wp-content\/uploads\/2023\/02\/lisanlarin-inkisaf-ve-tek-mulunde-akademilerin-rolu-sayi-12-1925-s.525.pdf\" target=\"_blank\" rel=\"noreferrer noopener\"><em>Lisanlar\u0131n \u0130nki\u015faf ve Tek\u00e2m\u00fcl\u00fcnde Akademilerin Rol\u00fc<\/em>, 1925 Say\u0131 12, s. 525<\/a><\/li>\n<\/ul>\n\n\n\n<p class=\"has-link-color wp-elements-09501ed87249d6ab548a1e8746f94cfb\"><strong>JOURNAL ASIATIQUE<\/strong><\/p>\n\n\n\n<ul class=\"has-link-color wp-elements-5dd72947bc42992f85423aeace7d4fd7\">\n<li><a rel=\"noreferrer noopener\" href=\"https:\/\/sadrimaksudi.org\/en\/wp-content\/uploads\/2023\/02\/Konferans-Asiatique.pdf\" target=\"_blank\">\u201cLes Houei-hou et Ouigour des Chinois et des Mongols et les Ogoux des inscription Turques de l\u2019Orkhon&#8221;, Journal Asiatique Janvier-Mars 1924, Page 141-148. <\/a> &#8220;\u00c7inlilerin ve Mo\u011follar\u0131n H\u00fcvey-Hu\u2019lar\u0131 ve Orhon T\u00fcrk yaz\u0131tlar\u0131ndaki Tokuz O\u011fuzlar\u201d, Journal Asiatique, Ocak-Mart 1924, s. 141-148 (In French- You can find the Turkish version of this articles in the T\u00fcrk Yurdu group above.) <\/li>\n<\/ul>\n\n\n\n<p class=\"has-link-color wp-elements-12c6c195166f6db2e4f80737f0d57cb1\"><strong>HAK\u0130M\u0130YET\u0130 M\u0130LL\u00ceYE<\/strong><\/p>\n\n\n\n<ul class=\"has-link-color wp-elements-1ca9f6a448b53c64635891965380a632\">\n<li><a rel=\"noreferrer noopener\" href=\"https:\/\/sadrimaksudi.org\/en\/wp-content\/uploads\/2023\/02\/ankara-hukuk-mektebinin-tarihi-ehemmiyeti-hakimiyet-i-milliye-14-eylul-1925.pdf\" target=\"_blank\"><em>Ankara Hukuk Mektebinin Tarihi Ehemmiyeti<\/em> (14 eyl\u00fcl 1925- Arap harfleriyle)<\/a><\/li>\n\n\n\n<li><a href=\"https:\/\/sadrimaksudi.org\/en\/wp-content\/uploads\/2023\/02\/Ankara-Hukuk-Mektebinin-Tarihi-ehemmiyeti-Latin-Harfleriyle.pdf\" target=\"_blank\" rel=\"noreferrer noopener\"><em>Ankara Hukuk Mektebinin Tarihi Ehemmiyeti<\/em> (Latin harfleriyle.)<\/a><\/li>\n\n\n\n<li><a rel=\"noreferrer noopener\" href=\"https:\/\/sadrimaksudi.org\/en\/wp-content\/uploads\/2023\/02\/yeni-ankara-hakimiyet-i-milliye-5-mart-1926.pdf\" target=\"_blank\"><em>Yeni Ankara<\/em>&nbsp;(5 Mart 1926)<\/a><\/li>\n\n\n\n<li><a href=\"https:\/\/sadrimaksudi.org\/en\/wp-content\/uploads\/2023\/02\/Yeni-Ankara-Latin-harfleriyle.pdf\" target=\"_blank\" rel=\"noreferrer noopener\">Yeni Ankara (Latin alphabet)<\/a><\/li>\n<\/ul>\n\n\n\n<p><strong>\u0130KDAM GAZETES\u0130<\/strong><\/p>\n\n\n\n<p class=\"has-link-color wp-elements-ca6efc00587a1467a2fdc185cd168d93\">A\u015fa\u011f\u0131daki iki makalenin Latin harflerine transkripsiyonunu, yukar\u0131daki T\u00fcrk Yurdu b\u00f6l\u00fcm\u00fcnde bulabilirsiniz. You can find the Latin alphabet transcription of these two articles in the T\u00fcrk Yurdu section above.<\/p>\n\n\n\n<ul class=\"has-link-color wp-elements-647a7d5f4b7b0bc8d3bb96426ca96522\">\n<li><a rel=\"noreferrer noopener\" href=\"https:\/\/sadrimaksudi.org\/en\/wp-content\/uploads\/2023\/02\/Ikdam-Gazetesi-5-Ekim-1925-Lisanlarin-Inkisafinda-Akademilerin-Rolu-scaled.jpg\" target=\"_blank\"><em>Lisanlar\u0131n \u0130nki\u015faf ve Tek\u00e2m\u00fcl\u00fcnde Akademilerin Rol\u00fc<\/em>&#8211; 5.10.1925<\/a><\/li>\n\n\n\n<li><a rel=\"noreferrer noopener\" href=\"https:\/\/sadrimaksudi.org\/en\/wp-content\/uploads\/2023\/02\/Ikdam-Gazetesi-6-Ekim-1925-Lisanlarin-Inkisafinda-Akademilerin-Rolu-scaled.jpg\" target=\"_blank\"><em>Lisanlar\u0131n \u0130nki\u015faf ve Tek\u00e2m\u00fcl\u00fcnde Akademilerin Rol\u00fc<\/em>&#8211; 6.10.1925<\/a><\/li>\n<\/ul>\n\n\n\n<p class=\"has-link-color wp-elements-31c356cd81546b023ca1c4a0a31be714\"><strong>CUMHUR\u0130YET GAZETES\u0130<\/strong><\/p>\n\n\n\n<ul class=\"has-link-color wp-elements-d8351429a309ce623c7897bd82b6e3a9\">\n<li><a href=\"https:\/\/sadrimaksudi.org\/en\/wp-content\/uploads\/2023\/02\/Cumhuriyet-5-Ekim-1948-Medeni-Milletlerde-Ilim-Dili-Yaratma-Tarihine-Bakis.pdf\" target=\"_blank\" rel=\"noreferrer noopener\"><em>Medeni Milletlerde \u0130lim Dili Yaratma Tarihine Bak\u0131\u015f<\/em>&#8211; 5.10.1948<\/a><\/li>\n\n\n\n<li><a rel=\"noreferrer noopener\" href=\"https:\/\/sadrimaksudi.org\/en\/wp-content\/uploads\/2023\/02\/Cumhuriyet-19-Ekim-1948-Ilmi-Usullerle-Yaratilmis-Turkce-ve-Mustakil-Bir-Ilim-Dili-Lazimdir.pdf\" target=\"_blank\"><em>\u0130lmi Usullerle Yarat\u0131lm\u0131\u015f T\u00fcrk\u00e7e ve M\u00fcstakil Bir \u0130lim Dili Laz\u0131md\u0131r<\/em>&#8211; 19.10.1948<\/a><\/li>\n<\/ul>\n\n\n\n<p><strong>TASV\u0130R GAZETES\u0130<\/strong><\/p>\n\n\n\n<p>The Tasvir articles themselves are not yet placed on this site. The references below are not links to text as of now. <\/p>\n\n\n\n<ul class=\"has-link-color wp-elements-9156a2e48b071b8945b86045d3bc49e1\">\n<li><em>D\u00fcnyada \u0130ki T\u00fcrl\u00fc Tel\u00e2kki Kar\u015f\u0131 Kar\u015f\u0131ya, <\/em>21 Ekim 1945 s.2<em>,<\/em><\/li>\n\n\n\n<li><em>Demokrasi ve Hukuk<\/em>, 29 Kas\u0131m1945 s.2<\/li>\n\n\n\n<li><em>Siyas\u00ee Partilerin \u0130deolojileri, <\/em>6 Aral\u0131k 1945 s.2<\/li>\n\n\n\n<li><em>Demokrasinin \u0130lm\u00ee ve Ruh\u00ee Esaslar\u0131<\/em>, 10 Aral\u0131k 1945 s.2<\/li>\n\n\n\n<li><em>Demokrasinin \u0130stinad Etti\u011fi \u0130lm\u00ee ve Felsef\u00ee Esaslar<\/em>, 23 Aral\u0131k 1945 s.2<\/li>\n\n\n\n<li><em>Demokrasi ve M\u00fcsavat Esas\u0131, <\/em>30 Aral\u0131k 1945 s.3<\/li>\n\n\n\n<li><em>Demokrasi ve H\u00fcrriyet, <\/em>6 Ocak 1946 s.2<\/li>\n\n\n\n<li><em>Edeb\u00ee Bar\u0131\u015f ve Milletler Birle\u015fmesi, <\/em>11 Ocak 1946 s.2.<\/li>\n\n\n\n<li><em>Mill\u00ee \u0130deoloji ve Yabanc\u0131 \u0130deolojiler, <\/em>13 Ocak 1946 s.3.<\/li>\n\n\n\n<li><em>Yabanc\u0131 \u0130deolojiler, Yeni \u0130deolojiler<\/em>, 20 Ocak 1946. s.3<\/li>\n\n\n\n<li><em>Devletleraras\u0131 Hukukun Ge\u00e7irdi\u011fi Buhran: Devletleraras\u0131 Hukukun Y\u00fcksek Prensipleri,<\/em> 27 Ocak 1946 s.3.<\/li>\n\n\n\n<li><em>Devletleraras\u0131<\/em> <em>Hukukun Ge\u00e7irdi\u011fi Buhran: Bug\u00fcnk\u00fc vaziyet, <\/em>2 \u015eubat 1946 s.<em>3<\/em><\/li>\n\n\n\n<li><em>\u0130lim ve H\u00fcrriyet<\/em>, 17 \u015eubat 1946 s.3-4<\/li>\n\n\n\n<li><em>Kadim Yunan\u2019da \u0130lm\u00ee Muhtariyet, <\/em>24 \u015eubat 1946 s.3<\/li>\n\n\n\n<li><em>\u00dcniversite Muhtariyeti, <\/em>3 Mart 1946 s.3<\/li>\n\n\n\n<li><em>\u00dcniversite Muhtariyetini Zarur\u00ee K\u0131lan Sebepler, <\/em>10 Mart 1946 s.3<\/li>\n\n\n\n<li><em>Tarihte B\u00fct\u00fcn D\u00fcnyaya H\u00e2kim Olma H\u00fclyas\u0131, <\/em>17 Mart 1946 s.3<\/li>\n\n\n\n<li><em>M\u00fcsbet \u0130limler ve Felsefe, <\/em>24 Mart 1946 s.3<\/li>\n\n\n\n<li><em>Tarihte Veto Hakk\u0131n\u0131n Menf\u00ee Rol\u00fc<\/em>, 31 Mart s.3<\/li>\n\n\n\n<li><em>\u0130nsanlar\u0131n Manev\u00ee Hayat\u0131nda Gaye ve \u0130deallerin Rol\u00fc<\/em>, 7 Nisan 1946 s.3<\/li>\n\n\n\n<li><em>Milletlerin Hayat\u0131nda Fikir ve \u0130deallerin Rol\u00fc,<\/em> 14 Nisan 1946 s.3<\/li>\n\n\n\n<li><em>Avrupa Medeniyetinin \u0130stikbali, <\/em>21 Nisan 1946 s.3<\/li>\n\n\n\n<li><em>Medeniyet Mahsulleri ve K\u00fclt\u00fcr K\u0131ymetleri Zail Olmaz, <\/em>28 Nisan 1946 s.3<\/li>\n\n\n\n<li><em>Demokratik Se\u00e7im Usul\u00fcn\u00fcn Be\u015f M\u00fchim Esas\u0131, <\/em>5 May\u0131s 1946 s.3<\/li>\n\n\n\n<li><em>Ruh\u00ee ve Manev\u00ee Hayat\u0131n zenginli\u011fi ve Ya\u015f, <\/em>12 May\u0131s 1946 s.3<\/li>\n\n\n\n<li><em>Arap Birli\u011fi ve b\u00fcy\u00fck Arap milletinin istikbali, <\/em>19 May\u0131s 1946 s.3<\/li>\n\n\n\n<li><em>Amerika Birle\u015fik Devletleri\u2019nde Felsef\u00ee Cereyanlar, <\/em>26 May\u0131s 1946 s.3<\/li>\n\n\n\n<li><em>Milletlerin Hayat\u0131nda Y\u00fcksek \u00d6\u011fretimin rol\u00fc ve Profes\u00f6rler S\u0131n\u0131f\u0131n\u0131n Dilekleri, <\/em>2 Haziran 1946 s.3<\/li>\n\n\n\n<li><em>Atomun felsef\u00ee tarihi, <\/em>9 Haziran 1946 s.3<\/li>\n\n\n\n<li><em>\u0130ngiltere&#8217;de Demokrasinin Ruhu ve Tarih\u00ee Temelleri<\/em>, 16 Haziran 1946 s.<em>3<\/em><\/li>\n\n\n\n<li><em>Be\u015fer\u00ee camialar\u0131n hayat\u0131nda propagandalar\u0131n rol ve kudreti<\/em>, 30 Haziran 1946 s.3<\/li>\n\n\n\n<li><em>Tecav\u00fcz\u00ee harp tabi\u00ee bir hadise de\u011fildir<\/em>, 7 Temmuz 1946 s.2<\/li>\n<\/ul>\n","protected":false},"excerpt":{"rendered":"<p>Gasp\u0131ral\u0131&#8217;s TERC\u00dcMAN YEN\u0130 KAFKASYA T\u00dcRK YURDU JOURNAL ASIATIQUE HAK\u0130M\u0130YET\u0130 M\u0130LL\u00ceYE \u0130KDAM GAZETES\u0130 A\u015fa\u011f\u0131daki iki makalenin Latin harflerine transkripsiyonunu, yukar\u0131daki T\u00fcrk Yurdu b\u00f6l\u00fcm\u00fcnde bulabilirsiniz. You can find the Latin alphabet transcription of these two articles in the T\u00fcrk Yurdu section above. CUMHUR\u0130YET GAZETES\u0130 TASV\u0130R GAZETES\u0130 The Tasvir articles themselves are not yet placed on this site. [&hellip;]<\/p>\n","protected":false},"author":1,"featured_media":0,"parent":0,"menu_order":0,"comment_status":"closed","ping_status":"closed","template":"","meta":[],"_links":{"self":[{"href":"http:\/\/sadrimaksudi.org\/en\/wp-json\/wp\/v2\/pages\/109"}],"collection":[{"href":"http:\/\/sadrimaksudi.org\/en\/wp-json\/wp\/v2\/pages"}],"about":[{"href":"http:\/\/sadrimaksudi.org\/en\/wp-json\/wp\/v2\/types\/page"}],"author":[{"embeddable":true,"href":"http:\/\/sadrimaksudi.org\/en\/wp-json\/wp\/v2\/users\/1"}],"replies":[{"embeddable":true,"href":"http:\/\/sadrimaksudi.org\/en\/wp-json\/wp\/v2\/comments?post=109"}],"version-history":[{"count":16,"href":"http:\/\/sadrimaksudi.org\/en\/wp-json\/wp\/v2\/pages\/109\/revisions"}],"predecessor-version":[{"id":834,"href":"http:\/\/sadrimaksudi.org\/en\/wp-json\/wp\/v2\/pages\/109\/revisions\/834"}],"wp:attachment":[{"href":"http:\/\/sadrimaksudi.org\/en\/wp-json\/wp\/v2\/media?parent=109"}],"curies":[{"name":"wp","href":"https:\/\/api.w.org\/{rel}","templated":true}]}}